{"id":551,"date":"2024-02-01T09:14:54","date_gmt":"2024-02-01T12:14:54","guid":{"rendered":"https:\/\/eurolatinstudies.com\/?page_id=551"},"modified":"2024-04-16T11:17:55","modified_gmt":"2024-04-16T14:17:55","slug":"privacy-statement","status":"publish","type":"page","link":"https:\/\/eurolatinstudies.com\/pt\/privacy-statement\/","title":{"rendered":"Pol\u00edtica de privacidade"},"content":{"rendered":"<div data-elementor-type=\"wp-page\" data-elementor-id=\"551\" class=\"elementor elementor-551\" data-elementor-post-type=\"page\">\n\t\t\t\t<div class=\"elementor-element elementor-element-8557cc6 e-flex e-con-boxed e-con e-parent\" data-id=\"8557cc6\" data-element_type=\"container\" data-e-type=\"container\" data-settings=\"{&quot;background_background&quot;:&quot;classic&quot;}\">\n\t\t\t\t\t<div class=\"e-con-inner\">\n\t\t<div class=\"elementor-element elementor-element-54dce0a e-flex e-con-boxed e-con e-child\" data-id=\"54dce0a\" data-element_type=\"container\" data-e-type=\"container\">\n\t\t\t\t\t<div class=\"e-con-inner\">\n\t\t\t\t<div class=\"elementor-element elementor-element-2bd1b7f elementor-widget elementor-widget-heading\" data-id=\"2bd1b7f\" data-element_type=\"widget\" data-e-type=\"widget\" data-widget_type=\"heading.default\">\n\t\t\t\t<div class=\"elementor-widget-container\">\n\t\t\t\t\t<h1 class=\"elementor-heading-title elementor-size-default\">Pol\u00edtica de privacidade<\/h1>\t\t\t\t<\/div>\n\t\t\t\t<\/div>\n\t\t\t\t\t<\/div>\n\t\t\t\t<\/div>\n\t\t\t\t\t<\/div>\n\t\t\t\t<\/div>\n\t\t<div class=\"elementor-element elementor-element-7f248f49 e-flex e-con-boxed e-con e-parent\" data-id=\"7f248f49\" data-element_type=\"container\" data-e-type=\"container\" data-settings=\"{&quot;background_background&quot;:&quot;classic&quot;}\">\n\t\t\t\t\t<div class=\"e-con-inner\">\n\t\t<div class=\"elementor-element elementor-element-76d4ef42 e-flex e-con-boxed e-con e-child\" data-id=\"76d4ef42\" data-element_type=\"container\" data-e-type=\"container\" data-settings=\"{&quot;background_background&quot;:&quot;classic&quot;}\">\n\t\t\t\t\t<div class=\"e-con-inner\">\n\t\t\t\t<div class=\"elementor-element elementor-element-5222d49 elementor-widget elementor-widget-text-editor\" data-id=\"5222d49\" data-element_type=\"widget\" data-e-type=\"widget\" data-no-translation=\"\" data-widget_type=\"text-editor.default\">\n\t\t\t\t<div class=\"elementor-widget-container\">\n\t\t\t\t\t<style>.elementor-element-5222d49{display:none !important}<\/style>\t\t\t\t<\/div>\n\t\t\t\t<\/div>\n\t\t\t\t<div class=\"elementor-element elementor-element-c2965d0 elementor-widget elementor-widget-text-editor\" data-id=\"c2965d0\" data-element_type=\"widget\" data-e-type=\"widget\" data-no-translation=\"\" data-widget_type=\"text-editor.default\">\n\t\t\t\t<div class=\"elementor-widget-container\">\n\t\t\t\t\t\t\t\t\t<p><span style=\"font-weight: 400;\">Sua privacidade e seguran\u00e7a s\u00e3o importantes para n\u00f3s. Esta Pol\u00edtica de Privacidade explica como o Centro Latino-Americano de Estudos Europeus (doravante denominado &#8220;LACES&#8221;) coleta, usa e compartilha suas informa\u00e7\u00f5es pessoais em conex\u00e3o com este site e no desempenho de suas atividades.\u00a0<\/span><\/p><p><span style=\"font-weight: 400;\">Ressaltamos que no exerc\u00edcio de nossas atividades somente tratamos os dados pessoais enquanto forem necess\u00e1rios e adequados para as finalidades que fundamentam a coleta, sempre observando as bases legais do tratamento, incluindo a Lei Geral de Prote\u00e7\u00e3o de Dados do Brasil e o Regulamento Geral de Prote\u00e7\u00e3o de Dados. Assim, poderemos manter os dados coletados para cumprimento de obriga\u00e7\u00e3o legal ou regulat\u00f3ria, exerc\u00edcio regular de direito, consentimento ou interesse leg\u00edtimo.\u00a0<\/span><\/p><p><span style=\"font-weight: 400;\">\u25e6 Dados coletados:\u00a0<\/span><\/p><p><span style=\"font-weight: 400;\">\u25aa O LACES coleta os dados pessoais (i) fornecidos atrav\u00e9s dos canais de comunica\u00e7\u00e3o (contato, assinatura de newsletter e cadastro de material); (ii) de membros do corpo editorial e (iii) de apoiadores do LACES, incluindo revisores. A base legal para o tratamento \u00e9 o consentimento, atentando para as finalidades para as quais foram coletados (ex.: encaminhar not\u00edcias sobre o projeto, responder d\u00favidas, solicitar revis\u00e3o de um artigo\/texto, confirmar a submiss\u00e3o de conte\u00fado com sucesso ou solicitar novos trabalhos aos autores). O LACES n\u00e3o vende, encaminha ou compartilha dados pessoais.\u00a0<\/span><\/p><p><span style=\"font-weight: 400;\">\u25e6 Dados pessoais disponibilizados no site\u00a0<\/span><\/p><p><span style=\"font-weight: 400;\">\u25aa O nome e o endere\u00e7o eletr\u00f4nico do corpo editorial e de todos os autores de artigos e materiais disponibilizados pelo LACES estar\u00e3o dispon\u00edveis no site para permitir a comunica\u00e7\u00e3o cient\u00edfica.\u00a0<\/span><\/p><ul><li><span style=\"font-weight: 400;\"> N\u00e3o \u00e9 permitida a coleta desses contatos para uso comercial;\u00a0<\/span><\/li><li><span style=\"font-weight: 400;\"> O LACES n\u00e3o enviar\u00e1 e-mails n\u00e3o solicitados aos autores, a menos que isso diga respeito diretamente ao artigo que eles publicaram;\u00a0<\/span><\/li><li><span style=\"font-weight: 400;\"> O LACES se reserva o direito de divulgar dados pessoais se exigido por lei, ou em boa f\u00e9 e cren\u00e7a de que tal a\u00e7\u00e3o \u00e9 razoavelmente necess\u00e1ria para cumprir com<\/span><\/li><\/ul><p><span style=\"font-weight: 400;\">o processo legal, responder a reclama\u00e7\u00f5es ou proteger os direitos, propriedade ou seguran\u00e7a dos membros do LACES.\u00a0<\/span><\/p><p><span style=\"font-weight: 400;\">\u25e6 Conte\u00fado\u00a0<\/span><\/p><p><span style=\"font-weight: 400;\">\u25aa O conte\u00fado extra\u00eddo do site deve ser necessariamente referenciado quando utilizado em cita\u00e7\u00f5es diretas ou indiretas.\u00a0<\/span><\/p><p><span style=\"font-weight: 400;\">\u25e6 Usu\u00e1rios do site\u00a0<\/span><\/p><p><span style=\"font-weight: 400;\">\u25aa LACES conceder\u00e1 aos apoiadores, escritores e revisores de artigos, usu\u00e1rios do site para realizar as atividades solicitadas. O usu\u00e1rio se compromete a utilizar o acesso concedido somente para as atividades solicitadas por LACES. A senha do usu\u00e1rio \u00e9 secreta, estando ciente de que esta credencial de acesso \u00e9 de uso exclusivo, pessoal e intransfer\u00edvel.\u00a0<\/span><\/p><p><span style=\"font-weight: 400;\">\u25e6 Cookies\u00a0<\/span><\/p><p><span style=\"font-weight: 400;\">\u25aa Podemos usar cookies para armazenar informa\u00e7\u00f5es, como as prefer\u00eancias pessoais do usu\u00e1rio ao visitar nosso site. No entanto, voc\u00ea pode desativar os cookies nas op\u00e7\u00f5es do navegador ou fazendo altera\u00e7\u00f5es nas ferramentas do programa antiv\u00edrus. No entanto, isso pode alterar a maneira como voc\u00ea interage com nosso site.\u00a0<\/span><\/p><p><span style=\"font-weight: 400;\">\u25e6 Links externos\u00a0<\/span><\/p><p><span style=\"font-weight: 400;\">\u25aa O site pode conter links para outros sites na Internet, redirecionando-o para outro dom\u00ednio. Esses sites externos n\u00e3o operar\u00e3o sob esta Pol\u00edtica de Privacidade, e voc\u00ea deve ler as declara\u00e7\u00f5es de privacidade desses sites. O LACES n\u00e3o tem qualquer responsabilidade derivada das atividades de processamento de dados e do conte\u00fado de sites de terceiros, com os quais possa ter links.\u00a0<\/span><\/p><p><span style=\"font-weight: 400;\">\u25e6 Reten\u00e7\u00e3o de dados\u00a0<\/span><\/p><p><span style=\"font-weight: 400;\">\u25aa Os dados pessoais ser\u00e3o mantidos pelo LACES durante a dura\u00e7\u00e3o do projeto. Todos os dados coletados ser\u00e3o eliminados de nossos servidores quando o titular assim o solicitar, atrav\u00e9s de um procedimento gratuito e facilitado, exceto no caso de cumprimento de uma obriga\u00e7\u00e3o legal ou regulamentar.\u00a0<\/span><\/p><p><span style=\"font-weight: 400;\">\u25e6 Direitos do usu\u00e1rio\u00a0<\/span><\/p><p><span style=\"font-weight: 400;\">\u25aa A Lei Geral de Prote\u00e7\u00e3o de Dados brasileira prev\u00ea uma s\u00e9rie de direitos para o usu\u00e1rio (neste caso, os autores e demais usu\u00e1rios), que podem ser reivindicados<\/span><\/p><p><span style=\"font-weight: 400;\">perante o controlador de dados (neste caso, o LACES), desde que cumpridas as condi\u00e7\u00f5es legais. Veja abaixo quais s\u00e3o esses direitos e condi\u00e7\u00f5es.\u00a0<\/span><\/p><ul><li><span style=\"font-weight: 400;\"> Confirma\u00e7\u00e3o da exist\u00eancia de tratamento\u00a0<\/span><\/li><\/ul><p><span style=\"font-weight: 400;\">\u25e6 O controlador deve informar, mediante solicita\u00e7\u00e3o expressa do usu\u00e1rio, se trata ou n\u00e3o os dados pessoais do solicitante.\u00a0<\/span><\/p><ul><li><span style=\"font-weight: 400;\"> Acesso aos dados pessoais processados\u00a0<\/span><\/li><\/ul><p><span style=\"font-weight: 400;\">\u25e6 O controlador dever\u00e1 informar, mediante solicita\u00e7\u00e3o expressa do usu\u00e1rio, quais dados pessoais pertencentes ao solicitante s\u00e3o processados.\u00a0<\/span><\/p><ul><li><span style=\"font-weight: 400;\"> Integridade dos dados pessoais processados\u00a0<\/span><\/li><\/ul><p><span style=\"font-weight: 400;\">\u25e6 Ao verificar a exist\u00eancia de informa\u00e7\u00f5es incompletas, inexatas ou desatualizadas sobre seus dados pessoais processados pelo controlador, o usu\u00e1rio poder\u00e1, mediante solicita\u00e7\u00e3o expressa, exigir a corre\u00e7\u00e3o desses dados.\u00a0<\/span><\/p><ul><li><span style=\"font-weight: 400;\"> Oposi\u00e7\u00e3o ao processamento de dados desnecess\u00e1rios ou excessivos\u00a0<\/span><\/li><\/ul><p><span style=\"font-weight: 400;\">\u25e6 O controlador deve processar apenas os dados necess\u00e1rios para atingir as finalidades de processamento declaradas ao usu\u00e1rio. Portanto, ao verificar que o controlador est\u00e1 realizando o processamento (incluindo o armazenamento) de dados desnecess\u00e1rios ou excessivos, o usu\u00e1rio poder\u00e1, mediante solicita\u00e7\u00e3o expressa, exigir o anonimato, o bloqueio ou a exclus\u00e3o desses dados.\u00a0<\/span><\/p><ul><li><span style=\"font-weight: 400;\"> Portabilidade de dados pessoais\u00a0<\/span><\/li><\/ul><p><span style=\"font-weight: 400;\">\u25e6 O usu\u00e1rio pode solicitar que seus dados processados pelo controlador sejam transferidos para outro controlador.\u00a0<\/span><\/p><ul><li><span style=\"font-weight: 400;\"> Elimina\u00e7\u00e3o de dados processados\u00a0<\/span><\/li><\/ul><p><span style=\"font-weight: 400;\">\u25e6 O usu\u00e1rio pode exigir, mediante solicita\u00e7\u00e3o expressa, a elimina\u00e7\u00e3o de seus dados pessoais, a menos que esses dados tenham sido transferidos regularmente a terceiros ou estejam sendo processados pelo controlador apenas de forma an\u00f4nima.\u00a0<\/span><\/p><ul><li><span style=\"font-weight: 400;\"> Informa\u00e7\u00f5es sobre o compartilhamento de dados pessoais\u00a0<\/span><\/li><\/ul><p><span style=\"font-weight: 400;\">\u25e6 O controlador deve informar, mediante solicita\u00e7\u00e3o expressa do titular dos dados, com quais parceiros compartilha os dados pessoais do solicitante.<\/span><\/p><ul><li><span style=\"font-weight: 400;\"> Informa\u00e7\u00f5es sobre a possibilidade de n\u00e3o fornecer consentimento\u00a0<\/span><\/li><\/ul><p><span style=\"font-weight: 400;\">\u25e6 O usu\u00e1rio n\u00e3o \u00e9 obrigado a fornecer consentimento para o processamento de seus dados pessoais. Entretanto, ao tomar a decis\u00e3o de n\u00e3o consentir, o usu\u00e1rio ser\u00e1 informado sobre as consequ\u00eancias dessa decis\u00e3o.\u00a0<\/span><\/p><ul><li><span style=\"font-weight: 400;\"> Revoga\u00e7\u00e3o do consentimento\u00a0<\/span><\/li><\/ul><p><span style=\"font-weight: 400;\">\u25e6 O usu\u00e1rio poder\u00e1, a qualquer momento, mediante manifesta\u00e7\u00e3o expressa, por meio de procedimento gratuito e facilitado, revogar o consentimento fornecido para tratamento espec\u00edfico de seus dados pessoais. Nesse caso, o controlador dever\u00e1 interromper o tratamento objeto da revoga\u00e7\u00e3o, salvo se houver outra base legal para a manuten\u00e7\u00e3o do procedimento.\u00a0<\/span><\/p><ul><li><span style=\"font-weight: 400;\"> Oposi\u00e7\u00e3o ao tratamento irregular\u00a0<\/span><\/li><\/ul><p><span style=\"font-weight: 400;\">\u25e6 Se o usu\u00e1rio suspeitar que a legisla\u00e7\u00e3o de prote\u00e7\u00e3o de dados n\u00e3o est\u00e1 sendo cumprida, ele poder\u00e1 questionar o tratamento realizado pelo controlador, ainda que a base legal para esse tratamento n\u00e3o seja apenas o consentimento. Nesse caso, o controlador n\u00e3o \u00e9 obrigado a interromper imediatamente o tratamento questionado, mas deve esclarecer ao titular dos dados sobre sua legalidade.\u00a0<\/span><\/p><ul><li><span style=\"font-weight: 400;\"> Peti\u00e7\u00e3o \u00e0 autoridade supervisora\u00a0<\/span><\/li><\/ul><p><span style=\"font-weight: 400;\">\u25e6 O titular dos dados ter\u00e1 o direito de peticionar em rela\u00e7\u00e3o aos seus dados contra o controlador perante a Autoridade Nacional de Dados &#8211; ANPD &#8211; quando esta estiver efetivamente constitu\u00edda &#8211; ou perante os \u00f3rg\u00e3os de defesa do consumidor.\u00a0<\/span><\/p><p><span style=\"font-weight: 400;\">\u25e6 Exerc\u00edcio de direitos pelos usu\u00e1rios\u00a0<\/span><\/p><p><span style=\"font-weight: 400;\">\u25aa Voc\u00ea pode exercer seus direitos como usu\u00e1rio enviando um e-mail para <\/span><span style=\"font-weight: 400;\">coordination@eurolatinstudies.com<\/span><span style=\"font-weight: 400;\">.\u00a0<\/span><\/p><p><span style=\"font-weight: 400;\">\u25e6 Contato\u00a0<\/span><\/p><p><span style=\"font-weight: 400;\">\u25aa Em caso de d\u00favidas ou perguntas sobre esta Pol\u00edtica de Privacidade e sobre o processamento de dados pessoais no desempenho das atividades do LACES, \u00e9 aconselh\u00e1vel enviar um e-mail para <\/span><span style=\"font-weight: 400;\">p<\/span><span style=\"font-weight: 400;\">rivacy@eurolatinstudies.com<\/span><span style=\"font-weight: 400;\">.\u00a0<\/span><\/p><p><span style=\"font-weight: 400;\">\u25e6 Modifica\u00e7\u00f5es<\/span><\/p><p><span style=\"font-weight: 400;\">\u25aa Esta Pol\u00edtica pode ser alterada a qualquer momento, por isso \u00e9 muito importante que voc\u00ea a acesse periodicamente. Para facilitar, indicamos abaixo a data da \u00faltima atualiza\u00e7\u00e3o.\u00a0<\/span><\/p><p><span style=\"font-weight: 400;\">\u25aa Atualizado em 11 de dezembro de 2020 <\/span><\/p>\t\t\t\t\t\t\t\t<\/div>\n\t\t\t\t<\/div>\n\t\t\t\t<div class=\"elementor-element elementor-element-b37971f elementor-widget elementor-widget-text-editor\" data-id=\"b37971f\" data-element_type=\"widget\" data-e-type=\"widget\" data-no-translation=\"\" data-widget_type=\"text-editor.default\">\n\t\t\t\t<div class=\"elementor-widget-container\">\n\t\t\t\t\t<style>.elementor-element-b37971f{display:none !important}<\/style>\t\t\t\t<\/div>\n\t\t\t\t<\/div>\n\t\t\t\t\t<\/div>\n\t\t\t\t<\/div>\n\t\t\t\t\t<\/div>\n\t\t\t\t<\/div>\n\t\t\t\t<\/div>","protected":false},"excerpt":{"rendered":"<p>Privacy Statement Your privacy and security are important to us. This Privacy Policy explains how the Latin American Center of European Studies (hereinafter referred to as \u201cLACES\u201d) collects, uses, and shares your personal information in connection with this website and in the performance of its activities.\u00a0 We note that in the exercise of our activities [&hellip;]<\/p>\n","protected":false},"author":2,"featured_media":0,"parent":0,"menu_order":0,"comment_status":"closed","ping_status":"closed","template":"elementor_header_footer","meta":{"_acf_changed":false,"om_disable_all_campaigns":false,"_uf_show_specific_survey":0,"_uf_disable_surveys":false,"footnotes":""},"class_list":["post-551","page","type-page","status-publish","hentry"],"acf":[],"aioseo_notices":[],"post_mailing_queue_ids":[],"_links":{"self":[{"href":"https:\/\/eurolatinstudies.com\/pt\/wp-json\/wp\/v2\/pages\/551","targetHints":{"allow":["GET"]}}],"collection":[{"href":"https:\/\/eurolatinstudies.com\/pt\/wp-json\/wp\/v2\/pages"}],"about":[{"href":"https:\/\/eurolatinstudies.com\/pt\/wp-json\/wp\/v2\/types\/page"}],"author":[{"embeddable":true,"href":"https:\/\/eurolatinstudies.com\/pt\/wp-json\/wp\/v2\/users\/2"}],"replies":[{"embeddable":true,"href":"https:\/\/eurolatinstudies.com\/pt\/wp-json\/wp\/v2\/comments?post=551"}],"version-history":[{"count":6,"href":"https:\/\/eurolatinstudies.com\/pt\/wp-json\/wp\/v2\/pages\/551\/revisions"}],"predecessor-version":[{"id":5651,"href":"https:\/\/eurolatinstudies.com\/pt\/wp-json\/wp\/v2\/pages\/551\/revisions\/5651"}],"wp:attachment":[{"href":"https:\/\/eurolatinstudies.com\/pt\/wp-json\/wp\/v2\/media?parent=551"}],"curies":[{"name":"wp","href":"https:\/\/api.w.org\/{rel}","templated":true}]}}